{"id":11451,"date":"2024-04-08T23:28:29","date_gmt":"2024-04-09T02:28:29","guid":{"rendered":"https:\/\/colegioconcepciontalca.cl\/?page_id=11451"},"modified":"2024-06-05T19:14:06","modified_gmt":"2024-06-05T22:14:06","slug":"noticias","status":"publish","type":"page","link":"https:\/\/colegioconcepciontalca.cl\/index.php\/noticias\/","title":{"rendered":"Noticias"},"content":{"rendered":"<!--themify_builder_content-->\n<div id=\"themify_builder_content-11451\" data-postid=\"11451\" class=\"themify_builder_content themify_builder_content-11451 themify_builder tf_clear\">\n    \t<!-- module_row -->\n\t<div  data-lazy=\"1\" class=\"module_row themify_builder_row tb_11t889 tb_first tf_clearfix\">\n\t    \t\t<div class=\"row_inner col_align_top tf_box tf_w tf_rel\">\n\t\t\t<div  data-lazy=\"1\" class=\"module_column tb-column col-full first tb_xg9g90 tf_box\">\n\t    \t    \t        <div class=\"tb-column-inner tf_box tf_w\">\n\t\t    <!-- module post -->\n<div  class=\"module module-post tb_uqgd94  tb_fullwidth_image\">\n        <div  class=\"builder-posts-wrap loops-wrapper grid3 classic tf_clear tf_clearfix\" data-lazy=\"1\">\n\t<article id=\"post-18740\" class=\"post tf_clearfix post-18740 type-post status-publish format-standard has-post-thumbnail hentry category-noticias has-post-title has-post-date has-post-category has-post-tag has-post-comment has-post-author   cat-4\">\n\t    \n\t\t\t<a href=\"https:\/\/colegioconcepciontalca.cl\/index.php\/2026\/04\/27\/dia-mundial-del-libro-y-del-derecho-de-autor-3\/\" aria-label=\"D\u00eda Mundial del Libro y del Derecho de Autor\" data-post-permalink=\"yes\" style=\"display: none;\"><\/a>\n\t    \t\t\t<figure class=\"post-image tf_clearfix\">\n\t\t\t    \t\t\t\t\t\t\t\t<a href=\"https:\/\/colegioconcepciontalca.cl\/index.php\/2026\/04\/27\/dia-mundial-del-libro-y-del-derecho-de-autor-3\/\">\n\t\t\t\t\t\t\t\t<img loading=\"lazy\" decoding=\"async\" width=\"1384\" height=\"779\" src=\"https:\/\/colegioconcepciontalca.cl\/wp-content\/uploads\/2026\/04\/01-5.jpg\" class=\"wp-post-image wp-image-18751\" title=\"01\" alt=\"01\" srcset=\"https:\/\/colegioconcepciontalca.cl\/wp-content\/uploads\/2026\/04\/01-5.jpg 1384w, https:\/\/colegioconcepciontalca.cl\/wp-content\/uploads\/2026\/04\/01-5-300x169.jpg 300w, https:\/\/colegioconcepciontalca.cl\/wp-content\/uploads\/2026\/04\/01-5-1024x576.jpg 1024w, https:\/\/colegioconcepciontalca.cl\/wp-content\/uploads\/2026\/04\/01-5-768x432.jpg 768w, https:\/\/colegioconcepciontalca.cl\/wp-content\/uploads\/2026\/04\/01-5-374x210.jpg 374w\" sizes=\"auto, (max-width: 1384px) 100vw, 1384px\" \/>\t\t\t\t\t\t\t\t    \t\t\t\t<\/a>\n\t\t\t\t\t\t\t    \t\t\t<\/figure>\n\t\t\t\t<div class=\"post-content\">\n\t\t<div class=\"post-content-inner\">\n\n\t\t\t\t\t\t\t\t<div class=\"post-date-wrap post-date-inline\">\n\t\t<time class=\"post-date entry-date updated\" datetime=\"2026-04-27\">\n\t\t\t\t\t<span class=\"year\">Abril 27, 2026<\/span>\n\t\t\t\t<\/time>\n\t<\/div><!-- .post-date-wrap -->\n\t\t\t\t\n\t\t\t<h2 class=\"post-title entry-title\"><a href=\"https:\/\/colegioconcepciontalca.cl\/index.php\/2026\/04\/27\/dia-mundial-del-libro-y-del-derecho-de-autor-3\/\">D\u00eda Mundial del Libro y del Derecho de Autor<\/a><\/h2>\n\t\t\t\n\t\t\t\n\t\t\t\t<div class=\"entry-content\">\n\n\t    \n\t\t<p>Desde 1995, y cada 23 de abril, la UNESCO instaur\u00f3 la celebraci\u00f3n del D\u00eda Mundial del Libro y del Derecho de Autor. En esta fecha se conmemora la muerte de tres grandes escritores de la literatura universal: Miguel de Cervantes Saavedra, William Shakespeare y el Inca Garcilaso de la Vega. A nivel mundial, esta conmemoraci\u00f3n [&hellip;]<!-- AddThis Advanced Settings generic via filter on get_the_excerpt --><!-- AddThis Share Buttons generic via filter on get_the_excerpt --><\/p>\n\n\t\t\n\t    \n\t<\/div><!-- \/.entry-content -->\n\t\n\t\t<\/div>\n\t\t<!-- \/.post-content-inner -->\n\t<\/div>\n\t<!-- \/.post-content -->\n\t\n<\/article>\n<!-- \/.post -->\n<article id=\"post-18738\" class=\"post tf_clearfix post-18738 type-post status-publish format-standard has-post-thumbnail hentry category-noticias has-post-title has-post-date has-post-category has-post-tag has-post-comment has-post-author   cat-4\">\n\t    \n\t\t\t<a href=\"https:\/\/colegioconcepciontalca.cl\/index.php\/2026\/04\/26\/modificacion-jornada-de-la-tarde-jueves-30-de-abril\/\" aria-label=\"Modificaci\u00f3n jornada de la tarde jueves 30 de abril\" data-post-permalink=\"yes\" style=\"display: none;\"><\/a>\n\t    \t\t\t<figure class=\"post-image tf_clearfix\">\n\t\t\t    \t\t\t\t\t\t\t\t<a href=\"https:\/\/colegioconcepciontalca.cl\/index.php\/2026\/04\/26\/modificacion-jornada-de-la-tarde-jueves-30-de-abril\/\">\n\t\t\t\t\t\t\t\t<img loading=\"lazy\" decoding=\"async\" width=\"1024\" height=\"774\" src=\"https:\/\/colegioconcepciontalca.cl\/wp-content\/uploads\/2023\/04\/LOGO_AGUILA_CCT_TRANSPARENTE-1024x774.png\" class=\"wp-post-image wp-image-910\" title=\"LOGO_AGUILA_CCT_TRANSPARENTE\" alt=\"LOGO_AGUILA_CCT_TRANSPARENTE\" srcset=\"https:\/\/colegioconcepciontalca.cl\/wp-content\/uploads\/2023\/04\/LOGO_AGUILA_CCT_TRANSPARENTE-1024x774.png 1024w, https:\/\/colegioconcepciontalca.cl\/wp-content\/uploads\/2023\/04\/LOGO_AGUILA_CCT_TRANSPARENTE-300x227.png 300w, https:\/\/colegioconcepciontalca.cl\/wp-content\/uploads\/2023\/04\/LOGO_AGUILA_CCT_TRANSPARENTE-768x581.png 768w, https:\/\/colegioconcepciontalca.cl\/wp-content\/uploads\/2023\/04\/elementor\/thumbs\/LOGO_AGUILA_CCT_TRANSPARENTE-q5s6grx2cs7mmmpwkwnqnarbhyybkul5xk07jjcycc.png 200w, https:\/\/colegioconcepciontalca.cl\/wp-content\/uploads\/2023\/04\/LOGO_AGUILA_CCT_TRANSPARENTE-978x739.png 978w, https:\/\/colegioconcepciontalca.cl\/wp-content\/uploads\/2023\/04\/LOGO_AGUILA_CCT_TRANSPARENTE.png 1112w\" sizes=\"auto, (max-width: 1024px) 100vw, 1024px\" \/>\t\t\t\t\t\t\t\t    \t\t\t\t<\/a>\n\t\t\t\t\t\t\t    \t\t\t<\/figure>\n\t\t\t\t<div class=\"post-content\">\n\t\t<div class=\"post-content-inner\">\n\n\t\t\t\t\t\t\t\t<div class=\"post-date-wrap post-date-inline\">\n\t\t<time class=\"post-date entry-date updated\" datetime=\"2026-04-26\">\n\t\t\t\t\t<span class=\"year\">Abril 26, 2026<\/span>\n\t\t\t\t<\/time>\n\t<\/div><!-- .post-date-wrap -->\n\t\t\t\t\n\t\t\t<h2 class=\"post-title entry-title\"><a href=\"https:\/\/colegioconcepciontalca.cl\/index.php\/2026\/04\/26\/modificacion-jornada-de-la-tarde-jueves-30-de-abril\/\">Modificaci\u00f3n jornada de la tarde jueves 30 de abril<\/a><\/h2>\n\t\t\t\n\t\t\t\n\t\t\t\t<div class=\"entry-content\">\n\n\t    \n\t\t<p>Estimada Familias.Junto con saludar cordialmente, informamos a ustedes que, el pr\u00f3ximo jueves 30 de abril la jornada escolar para todos los niveles\u00a0finalizar\u00e1 excepcionalmente a las 13:15 horas para todos nuestros niveles educativos.Asimismo, comunicamos que, producto de este ajuste de\u00a0horario, los talleres extraprogram\u00e1ticos programados para esa jornada quedar\u00e1n suspendidos, retomando su funcionamiento habitual en los horarios [&hellip;]<!-- AddThis Advanced Settings generic via filter on get_the_excerpt --><!-- AddThis Share Buttons generic via filter on get_the_excerpt --><\/p>\n\n\t\t\n\t    \n\t<\/div><!-- \/.entry-content -->\n\t\n\t\t<\/div>\n\t\t<!-- \/.post-content-inner -->\n\t<\/div>\n\t<!-- \/.post-content -->\n\t\n<\/article>\n<!-- \/.post -->\n<article id=\"post-18735\" class=\"post tf_clearfix post-18735 type-post status-publish format-standard has-post-thumbnail hentry category-noticias has-post-title has-post-date has-post-category has-post-tag has-post-comment has-post-author   cat-4\">\n\t    \n\t\t\t<a href=\"https:\/\/colegioconcepciontalca.cl\/index.php\/2026\/04\/26\/vinculacion-con-el-medio-construyendo-futuro-junto-a-nuestra-comunidad\/\" aria-label=\"Vinculaci\u00f3n con el medio: construyendo futuro junto a nuestra comunidad\" data-post-permalink=\"yes\" style=\"display: none;\"><\/a>\n\t    \t\t\t<figure class=\"post-image tf_clearfix\">\n\t\t\t    \t\t\t\t\t\t\t\t<a href=\"https:\/\/colegioconcepciontalca.cl\/index.php\/2026\/04\/26\/vinculacion-con-el-medio-construyendo-futuro-junto-a-nuestra-comunidad\/\">\n\t\t\t\t\t\t\t\t<img loading=\"lazy\" decoding=\"async\" width=\"1098\" height=\"1536\" src=\"https:\/\/colegioconcepciontalca.cl\/wp-content\/uploads\/2026\/04\/Infografia-Vinculacion.png\" class=\"wp-post-image wp-image-18736\" title=\"Infograf\u00eda Vinculaci\u00f3n\" alt=\"Infograf\u00eda Vinculaci\u00f3n\" srcset=\"https:\/\/colegioconcepciontalca.cl\/wp-content\/uploads\/2026\/04\/Infografia-Vinculacion.png 1098w, https:\/\/colegioconcepciontalca.cl\/wp-content\/uploads\/2026\/04\/Infografia-Vinculacion-214x300.png 214w, https:\/\/colegioconcepciontalca.cl\/wp-content\/uploads\/2026\/04\/Infografia-Vinculacion-732x1024.png 732w, https:\/\/colegioconcepciontalca.cl\/wp-content\/uploads\/2026\/04\/Infografia-Vinculacion-768x1074.png 768w\" sizes=\"auto, (max-width: 1098px) 100vw, 1098px\" \/>\t\t\t\t\t\t\t\t    \t\t\t\t<\/a>\n\t\t\t\t\t\t\t    \t\t\t<\/figure>\n\t\t\t\t<div class=\"post-content\">\n\t\t<div class=\"post-content-inner\">\n\n\t\t\t\t\t\t\t\t<div class=\"post-date-wrap post-date-inline\">\n\t\t<time class=\"post-date entry-date updated\" datetime=\"2026-04-26\">\n\t\t\t\t\t<span class=\"year\">Abril 26, 2026<\/span>\n\t\t\t\t<\/time>\n\t<\/div><!-- .post-date-wrap -->\n\t\t\t\t\n\t\t\t<h2 class=\"post-title entry-title\"><a href=\"https:\/\/colegioconcepciontalca.cl\/index.php\/2026\/04\/26\/vinculacion-con-el-medio-construyendo-futuro-junto-a-nuestra-comunidad\/\">Vinculaci\u00f3n con el medio: construyendo futuro junto a nuestra comunidad<\/a><\/h2>\n\t\t\t\n\t\t\t\n\t\t\t\t<div class=\"entry-content\">\n\n\t    \n\t\t<p>En nuestro Colegio Concepci\u00f3n Talca entendemos que educar es mucho m\u00e1s que ense\u00f1ar en el aula. Nuestro compromiso es formar personas \u00edntegras, fortaleciendo v\u00ednculos que permitan ampliar oportunidades de desarrollo para nuestros estudiantes y sus familias.Bajo nuestro lema, \u201cConstruyendo Futuro\u201d, creemos firmemente que la educaci\u00f3n tambi\u00e9n se fortalece a trav\u00e9s de la colaboraci\u00f3n, la apertura [&hellip;]<!-- AddThis Advanced Settings generic via filter on get_the_excerpt --><!-- AddThis Share Buttons generic via filter on get_the_excerpt --><\/p>\n\n\t\t\n\t    \n\t<\/div><!-- \/.entry-content -->\n\t\n\t\t<\/div>\n\t\t<!-- \/.post-content-inner -->\n\t<\/div>\n\t<!-- \/.post-content -->\n\t\n<\/article>\n<!-- \/.post -->\n<article id=\"post-18724\" class=\"post tf_clearfix post-18724 type-post status-publish format-standard has-post-thumbnail hentry category-noticias has-post-title has-post-date has-post-category has-post-tag has-post-comment has-post-author   cat-4\">\n\t    \n\t\t\t<a href=\"https:\/\/colegioconcepciontalca.cl\/index.php\/2026\/04\/24\/charla-universidad-de-talca-proceso-de-admision-2027-para-4-medios\/\" aria-label=\"Charla Universidad de Talca &#8211; Proceso de Admisi\u00f3n 2027 para 4\u00b0 Medios\" data-post-permalink=\"yes\" style=\"display: none;\"><\/a>\n\t    \t\t\t<figure class=\"post-image tf_clearfix\">\n\t\t\t    \t\t\t\t\t\t\t\t<a href=\"https:\/\/colegioconcepciontalca.cl\/index.php\/2026\/04\/24\/charla-universidad-de-talca-proceso-de-admision-2027-para-4-medios\/\">\n\t\t\t\t\t\t\t\t<img loading=\"lazy\" decoding=\"async\" width=\"2560\" height=\"1978\" src=\"https:\/\/colegioconcepciontalca.cl\/wp-content\/uploads\/2026\/04\/01-3-scaled.jpg\" class=\"wp-post-image wp-image-18725\" title=\"01\" alt=\"01\" srcset=\"https:\/\/colegioconcepciontalca.cl\/wp-content\/uploads\/2026\/04\/01-3-scaled.jpg 2560w, https:\/\/colegioconcepciontalca.cl\/wp-content\/uploads\/2026\/04\/01-3-300x232.jpg 300w, https:\/\/colegioconcepciontalca.cl\/wp-content\/uploads\/2026\/04\/01-3-1024x791.jpg 1024w, https:\/\/colegioconcepciontalca.cl\/wp-content\/uploads\/2026\/04\/01-3-768x593.jpg 768w, https:\/\/colegioconcepciontalca.cl\/wp-content\/uploads\/2026\/04\/01-3-1536x1187.jpg 1536w, https:\/\/colegioconcepciontalca.cl\/wp-content\/uploads\/2026\/04\/01-3-2048x1583.jpg 2048w\" sizes=\"auto, (max-width: 2560px) 100vw, 2560px\" \/>\t\t\t\t\t\t\t\t    \t\t\t\t<\/a>\n\t\t\t\t\t\t\t    \t\t\t<\/figure>\n\t\t\t\t<div class=\"post-content\">\n\t\t<div class=\"post-content-inner\">\n\n\t\t\t\t\t\t\t\t<div class=\"post-date-wrap post-date-inline\">\n\t\t<time class=\"post-date entry-date updated\" datetime=\"2026-04-24\">\n\t\t\t\t\t<span class=\"year\">Abril 24, 2026<\/span>\n\t\t\t\t<\/time>\n\t<\/div><!-- .post-date-wrap -->\n\t\t\t\t\n\t\t\t<h2 class=\"post-title entry-title\"><a href=\"https:\/\/colegioconcepciontalca.cl\/index.php\/2026\/04\/24\/charla-universidad-de-talca-proceso-de-admision-2027-para-4-medios\/\">Charla Universidad de Talca &#8211; Proceso de Admisi\u00f3n 2027 para 4\u00b0 Medios<\/a><\/h2>\n\t\t\t\n\t\t\t\n\t\t\t\t<div class=\"entry-content\">\n\n\t    \n\t\t<p>En el marco de nuestro Plan de Orientaci\u00f3n Vocacional, recibimos la visita de la Universidad de Talca, quienes realizaron una charla informativa sobre el proceso de admisi\u00f3n 2027.Esta instancia estuvo dirigida a nuestros estudiantes de 4\u00b0 Medio A y 4\u00b0 Medio B, junto a sus profesores jefes, entregando informaci\u00f3n clave para la toma de decisiones [&hellip;]<!-- AddThis Advanced Settings generic via filter on get_the_excerpt --><!-- AddThis Share Buttons generic via filter on get_the_excerpt --><\/p>\n\n\t\t\n\t    \n\t<\/div><!-- \/.entry-content -->\n\t\n\t\t<\/div>\n\t\t<!-- \/.post-content-inner -->\n\t<\/div>\n\t<!-- \/.post-content -->\n\t\n<\/article>\n<!-- \/.post -->\n<article id=\"post-18712\" class=\"post tf_clearfix post-18712 type-post status-publish format-standard has-post-thumbnail hentry category-noticias has-post-title has-post-date has-post-category has-post-tag has-post-comment has-post-author   cat-4\">\n\t    \n\t\t\t<a href=\"https:\/\/colegioconcepciontalca.cl\/index.php\/2026\/04\/24\/cambio-de-mando-del-centro-general-de-estudiantes\/\" aria-label=\"Cambio de Mando del Centro General de Estudiantes\" data-post-permalink=\"yes\" style=\"display: none;\"><\/a>\n\t    \t\t\t<figure class=\"post-image tf_clearfix\">\n\t\t\t    \t\t\t\t\t\t\t\t<a href=\"https:\/\/colegioconcepciontalca.cl\/index.php\/2026\/04\/24\/cambio-de-mando-del-centro-general-de-estudiantes\/\">\n\t\t\t\t\t\t\t\t<img loading=\"lazy\" decoding=\"async\" width=\"2560\" height=\"2560\" src=\"https:\/\/colegioconcepciontalca.cl\/wp-content\/uploads\/2026\/04\/01-7-scaled.jpeg\" class=\"wp-post-image wp-image-18713\" title=\"01\" alt=\"01\" srcset=\"https:\/\/colegioconcepciontalca.cl\/wp-content\/uploads\/2026\/04\/01-7-scaled.jpeg 2560w, https:\/\/colegioconcepciontalca.cl\/wp-content\/uploads\/2026\/04\/01-7-300x300.jpeg 300w, https:\/\/colegioconcepciontalca.cl\/wp-content\/uploads\/2026\/04\/01-7-1024x1024.jpeg 1024w, https:\/\/colegioconcepciontalca.cl\/wp-content\/uploads\/2026\/04\/01-7-150x150.jpeg 150w, https:\/\/colegioconcepciontalca.cl\/wp-content\/uploads\/2026\/04\/01-7-768x768.jpeg 768w, https:\/\/colegioconcepciontalca.cl\/wp-content\/uploads\/2026\/04\/01-7-1536x1536.jpeg 1536w, https:\/\/colegioconcepciontalca.cl\/wp-content\/uploads\/2026\/04\/01-7-2048x2048.jpeg 2048w\" sizes=\"auto, (max-width: 2560px) 100vw, 2560px\" \/>\t\t\t\t\t\t\t\t    \t\t\t\t<\/a>\n\t\t\t\t\t\t\t    \t\t\t<\/figure>\n\t\t\t\t<div class=\"post-content\">\n\t\t<div class=\"post-content-inner\">\n\n\t\t\t\t\t\t\t\t<div class=\"post-date-wrap post-date-inline\">\n\t\t<time class=\"post-date entry-date updated\" datetime=\"2026-04-24\">\n\t\t\t\t\t<span class=\"year\">Abril 24, 2026<\/span>\n\t\t\t\t<\/time>\n\t<\/div><!-- .post-date-wrap -->\n\t\t\t\t\n\t\t\t<h2 class=\"post-title entry-title\"><a href=\"https:\/\/colegioconcepciontalca.cl\/index.php\/2026\/04\/24\/cambio-de-mando-del-centro-general-de-estudiantes\/\">Cambio de Mando del Centro General de Estudiantes<\/a><\/h2>\n\t\t\t\n\t\t\t\n\t\t\t\t<div class=\"entry-content\">\n\n\t    \n\t\t<p>Este martes 21 de abril se llev\u00f3 a cabo el Cambio de Mando del Centro General de Estudiantes (CGE), instancia en la que participaron como invitados todos los presidentes de curso desde 5\u00b0 B\u00e1sico a 4\u00b0 Medio.Esta actividad marca un hito relevante para nuestra comunidad educativa, destacando la importancia de contar con un CGE activo, [&hellip;]<!-- AddThis Advanced Settings generic via filter on get_the_excerpt --><!-- AddThis Share Buttons generic via filter on get_the_excerpt --><\/p>\n\n\t\t\n\t    \n\t<\/div><!-- \/.entry-content -->\n\t\n\t\t<\/div>\n\t\t<!-- \/.post-content-inner -->\n\t<\/div>\n\t<!-- \/.post-content -->\n\t\n<\/article>\n<!-- \/.post -->\n<article id=\"post-18710\" class=\"post tf_clearfix post-18710 type-post status-publish format-standard has-post-thumbnail hentry category-noticias has-post-title has-post-date has-post-category has-post-tag has-post-comment has-post-author   cat-4\">\n\t    \n\t\t\t<a href=\"https:\/\/colegioconcepciontalca.cl\/index.php\/2026\/04\/23\/simulacro-regional-de-sismo\/\" aria-label=\"Simulacro Regional de Sismo\" data-post-permalink=\"yes\" style=\"display: none;\"><\/a>\n\t    \t\t\t<figure class=\"post-image tf_clearfix\">\n\t\t\t    \t\t\t\t\t\t\t\t<a href=\"https:\/\/colegioconcepciontalca.cl\/index.php\/2026\/04\/23\/simulacro-regional-de-sismo\/\">\n\t\t\t\t\t\t\t\t<img loading=\"lazy\" decoding=\"async\" width=\"2560\" height=\"1707\" src=\"https:\/\/colegioconcepciontalca.cl\/wp-content\/uploads\/2025\/05\/Aguila_Fondo-scaled.jpg\" class=\"wp-post-image wp-image-16304\" title=\"Digital composite of Pencils and stack of books with library background\" alt=\"Digital composite of Pencils and stack of books with library background\" srcset=\"https:\/\/colegioconcepciontalca.cl\/wp-content\/uploads\/2025\/05\/Aguila_Fondo-scaled.jpg 2560w, https:\/\/colegioconcepciontalca.cl\/wp-content\/uploads\/2025\/05\/Aguila_Fondo-300x200.jpg 300w, https:\/\/colegioconcepciontalca.cl\/wp-content\/uploads\/2025\/05\/Aguila_Fondo-1024x683.jpg 1024w, https:\/\/colegioconcepciontalca.cl\/wp-content\/uploads\/2025\/05\/Aguila_Fondo-768x512.jpg 768w, https:\/\/colegioconcepciontalca.cl\/wp-content\/uploads\/2025\/05\/Aguila_Fondo-1536x1024.jpg 1536w, https:\/\/colegioconcepciontalca.cl\/wp-content\/uploads\/2025\/05\/Aguila_Fondo-2048x1365.jpg 2048w\" sizes=\"auto, (max-width: 2560px) 100vw, 2560px\" \/>\t\t\t\t\t\t\t\t    \t\t\t\t<\/a>\n\t\t\t\t\t\t\t    \t\t\t<\/figure>\n\t\t\t\t<div class=\"post-content\">\n\t\t<div class=\"post-content-inner\">\n\n\t\t\t\t\t\t\t\t<div class=\"post-date-wrap post-date-inline\">\n\t\t<time class=\"post-date entry-date updated\" datetime=\"2026-04-23\">\n\t\t\t\t\t<span class=\"year\">Abril 23, 2026<\/span>\n\t\t\t\t<\/time>\n\t<\/div><!-- .post-date-wrap -->\n\t\t\t\t\n\t\t\t<h2 class=\"post-title entry-title\"><a href=\"https:\/\/colegioconcepciontalca.cl\/index.php\/2026\/04\/23\/simulacro-regional-de-sismo\/\">Simulacro Regional de Sismo<\/a><\/h2>\n\t\t\t\n\t\t\t\n\t\t\t\t<div class=\"entry-content\">\n\n\t    \n\t\t<p>Estimados Padres y Apoderados:Junto con saludarles cordialmente, informamos a ustedes que nuestro colegio participar\u00e1 en el Simulacro Regional de Sismo, programado para el d\u00eda\u00a0jueves 07 de mayo\u00a0del presente a\u00f1o.Esta actividad forma parte de las acciones de prevenci\u00f3n y preparaci\u00f3n ante emergencias, y tiene como objetivo fortalecer las capacidades de respuesta de nuestros estudiantes, docentes y [&hellip;]<!-- AddThis Advanced Settings generic via filter on get_the_excerpt --><!-- AddThis Share Buttons generic via filter on get_the_excerpt --><\/p>\n\n\t\t\n\t    \n\t<\/div><!-- \/.entry-content -->\n\t\n\t\t<\/div>\n\t\t<!-- \/.post-content-inner -->\n\t<\/div>\n\t<!-- \/.post-content -->\n\t\n<\/article>\n<!-- \/.post -->\n<article id=\"post-18700\" class=\"post tf_clearfix post-18700 type-post status-publish format-standard has-post-thumbnail hentry category-noticias has-post-title has-post-date has-post-category has-post-tag has-post-comment has-post-author   cat-4\">\n\t    \n\t\t\t<a href=\"https:\/\/colegioconcepciontalca.cl\/index.php\/2026\/04\/22\/constructores-de-buena-convivencia\/\" aria-label=\"Constructores de Buena Convivencia\" data-post-permalink=\"yes\" style=\"display: none;\"><\/a>\n\t    \t\t\t<figure class=\"post-image tf_clearfix\">\n\t\t\t    \t\t\t\t\t\t\t\t<a href=\"https:\/\/colegioconcepciontalca.cl\/index.php\/2026\/04\/22\/constructores-de-buena-convivencia\/\">\n\t\t\t\t\t\t\t\t<img loading=\"lazy\" decoding=\"async\" width=\"2560\" height=\"1978\" src=\"https:\/\/colegioconcepciontalca.cl\/wp-content\/uploads\/2026\/04\/01-6-scaled.jpeg\" class=\"wp-post-image wp-image-18701\" title=\"01\" alt=\"01\" srcset=\"https:\/\/colegioconcepciontalca.cl\/wp-content\/uploads\/2026\/04\/01-6-scaled.jpeg 2560w, https:\/\/colegioconcepciontalca.cl\/wp-content\/uploads\/2026\/04\/01-6-300x232.jpeg 300w, https:\/\/colegioconcepciontalca.cl\/wp-content\/uploads\/2026\/04\/01-6-1024x791.jpeg 1024w, https:\/\/colegioconcepciontalca.cl\/wp-content\/uploads\/2026\/04\/01-6-768x593.jpeg 768w, https:\/\/colegioconcepciontalca.cl\/wp-content\/uploads\/2026\/04\/01-6-1536x1187.jpeg 1536w, https:\/\/colegioconcepciontalca.cl\/wp-content\/uploads\/2026\/04\/01-6-2048x1583.jpeg 2048w\" sizes=\"auto, (max-width: 2560px) 100vw, 2560px\" \/>\t\t\t\t\t\t\t\t    \t\t\t\t<\/a>\n\t\t\t\t\t\t\t    \t\t\t<\/figure>\n\t\t\t\t<div class=\"post-content\">\n\t\t<div class=\"post-content-inner\">\n\n\t\t\t\t\t\t\t\t<div class=\"post-date-wrap post-date-inline\">\n\t\t<time class=\"post-date entry-date updated\" datetime=\"2026-04-22\">\n\t\t\t\t\t<span class=\"year\">Abril 22, 2026<\/span>\n\t\t\t\t<\/time>\n\t<\/div><!-- .post-date-wrap -->\n\t\t\t\t\n\t\t\t<h2 class=\"post-title entry-title\"><a href=\"https:\/\/colegioconcepciontalca.cl\/index.php\/2026\/04\/22\/constructores-de-buena-convivencia\/\">Constructores de Buena Convivencia<\/a><\/h2>\n\t\t\t\n\t\t\t\n\t\t\t\t<div class=\"entry-content\">\n\n\t    \n\t\t<p>El d\u00eda de hoy mi\u00e9rcoles 22 de abril y en concordancia con el D\u00eda de la Convivencia Escolar que se conmemora este mes, se lleva a cabo una actividad denominada &#8220;Constructores de Buena Convivencia&#8221; con el objetivo de fomentar la buena convivencia entre todos sus integrantes. Esta iniciativa est\u00e1 dirigida a todos los estudiantes del [&hellip;]<!-- AddThis Advanced Settings generic via filter on get_the_excerpt --><!-- AddThis Share Buttons generic via filter on get_the_excerpt --><\/p>\n\n\t\t\n\t    \n\t<\/div><!-- \/.entry-content -->\n\t\n\t\t<\/div>\n\t\t<!-- \/.post-content-inner -->\n\t<\/div>\n\t<!-- \/.post-content -->\n\t\n<\/article>\n<!-- \/.post -->\n<article id=\"post-18689\" class=\"post tf_clearfix post-18689 type-post status-publish format-standard has-post-thumbnail hentry category-noticias has-post-title has-post-date has-post-category has-post-tag has-post-comment has-post-author   cat-4\">\n\t    \n\t\t\t<a href=\"https:\/\/colegioconcepciontalca.cl\/index.php\/2026\/04\/22\/dia-de-la-tierra-en-nuestro-colegio\/\" aria-label=\"D\u00eda de la Tierra en nuestro colegio\" data-post-permalink=\"yes\" style=\"display: none;\"><\/a>\n\t    \t\t\t<figure class=\"post-image tf_clearfix\">\n\t\t\t    \t\t\t\t\t\t\t\t<a href=\"https:\/\/colegioconcepciontalca.cl\/index.php\/2026\/04\/22\/dia-de-la-tierra-en-nuestro-colegio\/\">\n\t\t\t\t\t\t\t\t<img loading=\"lazy\" decoding=\"async\" width=\"1080\" height=\"1350\" src=\"https:\/\/colegioconcepciontalca.cl\/wp-content\/uploads\/2026\/04\/1-1.png\" class=\"wp-post-image wp-image-18690\" title=\"1\" alt=\"1\" srcset=\"https:\/\/colegioconcepciontalca.cl\/wp-content\/uploads\/2026\/04\/1-1.png 1080w, https:\/\/colegioconcepciontalca.cl\/wp-content\/uploads\/2026\/04\/1-1-240x300.png 240w, https:\/\/colegioconcepciontalca.cl\/wp-content\/uploads\/2026\/04\/1-1-819x1024.png 819w, https:\/\/colegioconcepciontalca.cl\/wp-content\/uploads\/2026\/04\/1-1-768x960.png 768w\" sizes=\"auto, (max-width: 1080px) 100vw, 1080px\" \/>\t\t\t\t\t\t\t\t    \t\t\t\t<\/a>\n\t\t\t\t\t\t\t    \t\t\t<\/figure>\n\t\t\t\t<div class=\"post-content\">\n\t\t<div class=\"post-content-inner\">\n\n\t\t\t\t\t\t\t\t<div class=\"post-date-wrap post-date-inline\">\n\t\t<time class=\"post-date entry-date updated\" datetime=\"2026-04-22\">\n\t\t\t\t\t<span class=\"year\">Abril 22, 2026<\/span>\n\t\t\t\t<\/time>\n\t<\/div><!-- .post-date-wrap -->\n\t\t\t\t\n\t\t\t<h2 class=\"post-title entry-title\"><a href=\"https:\/\/colegioconcepciontalca.cl\/index.php\/2026\/04\/22\/dia-de-la-tierra-en-nuestro-colegio\/\">D\u00eda de la Tierra en nuestro colegio<\/a><\/h2>\n\t\t\t\n\t\t\t\n\t\t\t\t<div class=\"entry-content\">\n\n\t    \n\t\t<p>En el marco de la conmemoraci\u00f3n del D\u00eda de la Tierra, queremos reforzar nuestro compromiso con el cuidado del medio ambiente y la formaci\u00f3n de estudiantes conscientes y responsables con su entorno.Como comunidad educativa, a trav\u00e9s del Comit\u00e9 Medioambiental y con el apoyo de la Direcci\u00f3n de Formaci\u00f3n, trabajamos de manera constante en acciones que [&hellip;]<!-- AddThis Advanced Settings generic via filter on get_the_excerpt --><!-- AddThis Share Buttons generic via filter on get_the_excerpt --><\/p>\n\n\t\t\n\t    \n\t<\/div><!-- \/.entry-content -->\n\t\n\t\t<\/div>\n\t\t<!-- \/.post-content-inner -->\n\t<\/div>\n\t<!-- \/.post-content -->\n\t\n<\/article>\n<!-- \/.post -->\n<article id=\"post-18680\" class=\"post tf_clearfix post-18680 type-post status-publish format-standard has-post-thumbnail hentry category-noticias has-post-title has-post-date has-post-category has-post-tag has-post-comment has-post-author   cat-4\">\n\t    \n\t\t\t<a href=\"https:\/\/colegioconcepciontalca.cl\/index.php\/2026\/04\/20\/estudiantes-del-segundo-medio-b-participan-en-feria-de-la-vida-sana-y-fortalecen-vinculo-con-la-comunidad\/\" aria-label=\"Estudiantes del Segundo Medio B participan en Feria de la Vida Sana y fortalecen v\u00ednculo con la comunidad\" data-post-permalink=\"yes\" style=\"display: none;\"><\/a>\n\t    \t\t\t<figure class=\"post-image tf_clearfix\">\n\t\t\t    \t\t\t\t\t\t\t\t<a href=\"https:\/\/colegioconcepciontalca.cl\/index.php\/2026\/04\/20\/estudiantes-del-segundo-medio-b-participan-en-feria-de-la-vida-sana-y-fortalecen-vinculo-con-la-comunidad\/\">\n\t\t\t\t\t\t\t\t<img loading=\"lazy\" decoding=\"async\" width=\"1600\" height=\"1200\" src=\"https:\/\/colegioconcepciontalca.cl\/wp-content\/uploads\/2026\/04\/01-5.jpeg\" class=\"wp-post-image wp-image-18681\" title=\"01\" alt=\"01\" srcset=\"https:\/\/colegioconcepciontalca.cl\/wp-content\/uploads\/2026\/04\/01-5.jpeg 1600w, https:\/\/colegioconcepciontalca.cl\/wp-content\/uploads\/2026\/04\/01-5-300x225.jpeg 300w, https:\/\/colegioconcepciontalca.cl\/wp-content\/uploads\/2026\/04\/01-5-1024x768.jpeg 1024w, https:\/\/colegioconcepciontalca.cl\/wp-content\/uploads\/2026\/04\/01-5-768x576.jpeg 768w, https:\/\/colegioconcepciontalca.cl\/wp-content\/uploads\/2026\/04\/01-5-1536x1152.jpeg 1536w\" sizes=\"auto, (max-width: 1600px) 100vw, 1600px\" \/>\t\t\t\t\t\t\t\t    \t\t\t\t<\/a>\n\t\t\t\t\t\t\t    \t\t\t<\/figure>\n\t\t\t\t<div class=\"post-content\">\n\t\t<div class=\"post-content-inner\">\n\n\t\t\t\t\t\t\t\t<div class=\"post-date-wrap post-date-inline\">\n\t\t<time class=\"post-date entry-date updated\" datetime=\"2026-04-20\">\n\t\t\t\t\t<span class=\"year\">Abril 20, 2026<\/span>\n\t\t\t\t<\/time>\n\t<\/div><!-- .post-date-wrap -->\n\t\t\t\t\n\t\t\t<h2 class=\"post-title entry-title\"><a href=\"https:\/\/colegioconcepciontalca.cl\/index.php\/2026\/04\/20\/estudiantes-del-segundo-medio-b-participan-en-feria-de-la-vida-sana-y-fortalecen-vinculo-con-la-comunidad\/\">Estudiantes del Segundo Medio B participan en Feria de la Vida Sana y fortalecen v\u00ednculo con la comunidad<\/a><\/h2>\n\t\t\t\n\t\t\t\n\t\t\t\t<div class=\"entry-content\">\n\n\t    \n\t\t<p>El jueves 16 de abril, el curso Segundo Medio B junto a su profesor jefe Sr. Francisco Salgado Leal, particip\u00f3 en una actividad formativa fuera del establecimiento, en el marco de las acciones de vinculaci\u00f3n con la comunidad impulsadas por el plantel.La jornada contempl\u00f3 la visita a la \u201cFeria de la Vida Sana\u201d, una iniciativa [&hellip;]<!-- AddThis Advanced Settings generic via filter on get_the_excerpt --><!-- AddThis Share Buttons generic via filter on get_the_excerpt --><\/p>\n\n\t\t\n\t    \n\t<\/div><!-- \/.entry-content -->\n\t\n\t\t<\/div>\n\t\t<!-- \/.post-content-inner -->\n\t<\/div>\n\t<!-- \/.post-content -->\n\t\n<\/article>\n<!-- \/.post -->\n<article id=\"post-18672\" class=\"post tf_clearfix post-18672 type-post status-publish format-standard has-post-thumbnail hentry category-noticias has-post-title has-post-date has-post-category has-post-tag has-post-comment has-post-author   cat-4\">\n\t    \n\t\t\t<a href=\"https:\/\/colegioconcepciontalca.cl\/index.php\/2026\/04\/20\/como-comunidad-educativa-reafirmamos-nuestro-compromiso-con-la-formacion-integral-de-nuestros-estudiantes\/\" aria-label=\"Como comunidad educativa, reafirmamos nuestro compromiso con la formaci\u00f3n integral de nuestros estudiantes\u00a0\" data-post-permalink=\"yes\" style=\"display: none;\"><\/a>\n\t    \t\t\t<figure class=\"post-image tf_clearfix\">\n\t\t\t    \t\t\t\t\t\t\t\t<a href=\"https:\/\/colegioconcepciontalca.cl\/index.php\/2026\/04\/20\/como-comunidad-educativa-reafirmamos-nuestro-compromiso-con-la-formacion-integral-de-nuestros-estudiantes\/\">\n\t\t\t\t\t\t\t\t<img loading=\"lazy\" decoding=\"async\" width=\"1280\" height=\"720\" src=\"https:\/\/colegioconcepciontalca.cl\/wp-content\/uploads\/2026\/04\/01-2.jpg\" class=\"wp-post-image wp-image-18673\" title=\"01\" alt=\"01\" srcset=\"https:\/\/colegioconcepciontalca.cl\/wp-content\/uploads\/2026\/04\/01-2.jpg 1280w, https:\/\/colegioconcepciontalca.cl\/wp-content\/uploads\/2026\/04\/01-2-300x169.jpg 300w, https:\/\/colegioconcepciontalca.cl\/wp-content\/uploads\/2026\/04\/01-2-1024x576.jpg 1024w, https:\/\/colegioconcepciontalca.cl\/wp-content\/uploads\/2026\/04\/01-2-768x432.jpg 768w, https:\/\/colegioconcepciontalca.cl\/wp-content\/uploads\/2026\/04\/01-2-374x210.jpg 374w\" sizes=\"auto, (max-width: 1280px) 100vw, 1280px\" \/>\t\t\t\t\t\t\t\t    \t\t\t\t<\/a>\n\t\t\t\t\t\t\t    \t\t\t<\/figure>\n\t\t\t\t<div class=\"post-content\">\n\t\t<div class=\"post-content-inner\">\n\n\t\t\t\t\t\t\t\t<div class=\"post-date-wrap post-date-inline\">\n\t\t<time class=\"post-date entry-date updated\" datetime=\"2026-04-20\">\n\t\t\t\t\t<span class=\"year\">Abril 20, 2026<\/span>\n\t\t\t\t<\/time>\n\t<\/div><!-- .post-date-wrap -->\n\t\t\t\t\n\t\t\t<h2 class=\"post-title entry-title\"><a href=\"https:\/\/colegioconcepciontalca.cl\/index.php\/2026\/04\/20\/como-comunidad-educativa-reafirmamos-nuestro-compromiso-con-la-formacion-integral-de-nuestros-estudiantes\/\">Como comunidad educativa, reafirmamos nuestro compromiso con la formaci\u00f3n integral de nuestros estudiantes\u00a0<\/a><\/h2>\n\t\t\t\n\t\t\t\n\t\t\t\t<div class=\"entry-content\">\n\n\t    \n\t\t<p>A ra\u00edz de la situaci\u00f3n conocida por ustedes que vivimos el d\u00eda martes, relacionada con un rayado en los ba\u00f1os, y en el marco del valor mensual que trabajamos como colegio, se decidi\u00f3 adaptar la reflexi\u00f3n formativa para abordar esta tem\u00e1tica, as\u00ed como tambi\u00e9n las emociones que surgieron en la comunidad, especialmente la ansiedad e [&hellip;]<!-- AddThis Advanced Settings generic via filter on get_the_excerpt --><!-- AddThis Share Buttons generic via filter on get_the_excerpt --><\/p>\n\n\t\t\n\t    \n\t<\/div><!-- \/.entry-content -->\n\t\n\t\t<\/div>\n\t\t<!-- \/.post-content-inner -->\n\t<\/div>\n\t<!-- \/.post-content -->\n\t\n<\/article>\n<!-- \/.post -->\n<article id=\"post-18666\" class=\"post tf_clearfix post-18666 type-post status-publish format-standard has-post-thumbnail hentry category-noticias has-post-title has-post-date has-post-category has-post-tag has-post-comment has-post-author   cat-4\">\n\t    \n\t\t\t<a href=\"https:\/\/colegioconcepciontalca.cl\/index.php\/2026\/04\/16\/primera-reunion-de-trabajo-con-el-cge-2026\/\" aria-label=\"Primera reuni\u00f3n de trabajo con el CGE 2026\" data-post-permalink=\"yes\" style=\"display: none;\"><\/a>\n\t    \t\t\t<figure class=\"post-image tf_clearfix\">\n\t\t\t    \t\t\t\t\t\t\t\t<a href=\"https:\/\/colegioconcepciontalca.cl\/index.php\/2026\/04\/16\/primera-reunion-de-trabajo-con-el-cge-2026\/\">\n\t\t\t\t\t\t\t\t<img loading=\"lazy\" decoding=\"async\" width=\"2560\" height=\"1978\" src=\"https:\/\/colegioconcepciontalca.cl\/wp-content\/uploads\/2026\/04\/01-4-scaled.jpeg\" class=\"wp-post-image wp-image-18667\" title=\"01\" alt=\"01\" srcset=\"https:\/\/colegioconcepciontalca.cl\/wp-content\/uploads\/2026\/04\/01-4-scaled.jpeg 2560w, https:\/\/colegioconcepciontalca.cl\/wp-content\/uploads\/2026\/04\/01-4-300x232.jpeg 300w, https:\/\/colegioconcepciontalca.cl\/wp-content\/uploads\/2026\/04\/01-4-1024x791.jpeg 1024w, https:\/\/colegioconcepciontalca.cl\/wp-content\/uploads\/2026\/04\/01-4-768x593.jpeg 768w, https:\/\/colegioconcepciontalca.cl\/wp-content\/uploads\/2026\/04\/01-4-1536x1187.jpeg 1536w, https:\/\/colegioconcepciontalca.cl\/wp-content\/uploads\/2026\/04\/01-4-2048x1583.jpeg 2048w\" sizes=\"auto, (max-width: 2560px) 100vw, 2560px\" \/>\t\t\t\t\t\t\t\t    \t\t\t\t<\/a>\n\t\t\t\t\t\t\t    \t\t\t<\/figure>\n\t\t\t\t<div class=\"post-content\">\n\t\t<div class=\"post-content-inner\">\n\n\t\t\t\t\t\t\t\t<div class=\"post-date-wrap post-date-inline\">\n\t\t<time class=\"post-date entry-date updated\" datetime=\"2026-04-16\">\n\t\t\t\t\t<span class=\"year\">Abril 16, 2026<\/span>\n\t\t\t\t<\/time>\n\t<\/div><!-- .post-date-wrap -->\n\t\t\t\t\n\t\t\t<h2 class=\"post-title entry-title\"><a href=\"https:\/\/colegioconcepciontalca.cl\/index.php\/2026\/04\/16\/primera-reunion-de-trabajo-con-el-cge-2026\/\">Primera reuni\u00f3n de trabajo con el CGE 2026<\/a><\/h2>\n\t\t\t\n\t\t\t\n\t\t\t\t<div class=\"entry-content\">\n\n\t    \n\t\t<p>El Rector, Sr. Alejandro Gonzales Bravo, junto a la Directora de Formaci\u00f3n, sostuvieron una primera reuni\u00f3n con el Centro General de Estudiantes (CGE) electo 2026.En esta instancia, los estudiantes pudieron plantear diversas tem\u00e1ticas y problem\u00e1ticas que, como representantes, desean transmitir en nombre de sus compa\u00f1eros. Asimismo, se gener\u00f3 un espacio de di\u00e1logo para acordar lineamientos [&hellip;]<!-- AddThis Advanced Settings generic via filter on get_the_excerpt --><!-- AddThis Share Buttons generic via filter on get_the_excerpt --><\/p>\n\n\t\t\n\t    \n\t<\/div><!-- \/.entry-content -->\n\t\n\t\t<\/div>\n\t\t<!-- \/.post-content-inner -->\n\t<\/div>\n\t<!-- \/.post-content -->\n\t\n<\/article>\n<!-- \/.post -->\n<article id=\"post-18660\" class=\"post tf_clearfix post-18660 type-post status-publish format-standard has-post-thumbnail hentry category-noticias has-post-title has-post-date has-post-category has-post-tag has-post-comment has-post-author   cat-4\">\n\t    \n\t\t\t<a href=\"https:\/\/colegioconcepciontalca.cl\/index.php\/2026\/04\/16\/hermanos-araya-orrego-brillan-en-el-power-cup-2026-con-destacadas-medallas\/\" aria-label=\"Hermanos Araya Orrego brillan en el Power CUP 2026 con destacadas medallas\" data-post-permalink=\"yes\" style=\"display: none;\"><\/a>\n\t    \t\t\t<figure class=\"post-image tf_clearfix\">\n\t\t\t    \t\t\t\t\t\t\t\t<a href=\"https:\/\/colegioconcepciontalca.cl\/index.php\/2026\/04\/16\/hermanos-araya-orrego-brillan-en-el-power-cup-2026-con-destacadas-medallas\/\">\n\t\t\t\t\t\t\t\t<img loading=\"lazy\" decoding=\"async\" width=\"2560\" height=\"2560\" src=\"https:\/\/colegioconcepciontalca.cl\/wp-content\/uploads\/2026\/04\/01-3-scaled.jpeg\" class=\"wp-post-image wp-image-18661\" title=\"01\" alt=\"01\" srcset=\"https:\/\/colegioconcepciontalca.cl\/wp-content\/uploads\/2026\/04\/01-3-scaled.jpeg 2560w, https:\/\/colegioconcepciontalca.cl\/wp-content\/uploads\/2026\/04\/01-3-300x300.jpeg 300w, https:\/\/colegioconcepciontalca.cl\/wp-content\/uploads\/2026\/04\/01-3-1024x1024.jpeg 1024w, https:\/\/colegioconcepciontalca.cl\/wp-content\/uploads\/2026\/04\/01-3-150x150.jpeg 150w, https:\/\/colegioconcepciontalca.cl\/wp-content\/uploads\/2026\/04\/01-3-768x768.jpeg 768w, https:\/\/colegioconcepciontalca.cl\/wp-content\/uploads\/2026\/04\/01-3-1536x1536.jpeg 1536w, https:\/\/colegioconcepciontalca.cl\/wp-content\/uploads\/2026\/04\/01-3-2048x2048.jpeg 2048w\" sizes=\"auto, (max-width: 2560px) 100vw, 2560px\" \/>\t\t\t\t\t\t\t\t    \t\t\t\t<\/a>\n\t\t\t\t\t\t\t    \t\t\t<\/figure>\n\t\t\t\t<div class=\"post-content\">\n\t\t<div class=\"post-content-inner\">\n\n\t\t\t\t\t\t\t\t<div class=\"post-date-wrap post-date-inline\">\n\t\t<time class=\"post-date entry-date updated\" datetime=\"2026-04-16\">\n\t\t\t\t\t<span class=\"year\">Abril 16, 2026<\/span>\n\t\t\t\t<\/time>\n\t<\/div><!-- .post-date-wrap -->\n\t\t\t\t\n\t\t\t<h2 class=\"post-title entry-title\"><a href=\"https:\/\/colegioconcepciontalca.cl\/index.php\/2026\/04\/16\/hermanos-araya-orrego-brillan-en-el-power-cup-2026-con-destacadas-medallas\/\">Hermanos Araya Orrego brillan en el Power CUP 2026 con destacadas medallas<\/a><\/h2>\n\t\t\t\n\t\t\t\n\t\t\t\t<div class=\"entry-content\">\n\n\t    \n\t\t<p>Un prometedor inicio de temporada protagonizaron los hermanos Araya Orrego en el Torneo de Taekwondo \u201cPower CUP 2026\u201d, realizado el pasado s\u00e1bado 11 de abril en el Centro Deportivo Lo Barnechea, en la Regi\u00f3n Metropolitana.En la competencia, Santiago Araya, estudiante de 6\u00ba B\u00e1sico A, obtuvo una meritoria medalla de plata, mientras que su hermano Emilio [&hellip;]<!-- AddThis Advanced Settings generic via filter on get_the_excerpt --><!-- AddThis Share Buttons generic via filter on get_the_excerpt --><\/p>\n\n\t\t\n\t    \n\t<\/div><!-- \/.entry-content -->\n\t\n\t\t<\/div>\n\t\t<!-- \/.post-content-inner -->\n\t<\/div>\n\t<!-- \/.post-content -->\n\t\n<\/article>\n<!-- \/.post -->\n    <\/div><!-- .builder-posts-wrap -->\n    \t<link rel=\"prefetch\" as=\"document\" href=\"https:\/\/colegioconcepciontalca.cl\/index.php\/wp-json\/wp\/v2\/pages\/11451\/page\/2\/\"\/><div class=\"pagenav tf_clear tf_box tf_textr tf_clearfix\"> <span class=\"number current\">1<\/span>  <a href=\"https:\/\/colegioconcepciontalca.cl\/index.php\/wp-json\/wp\/v2\/pages\/11451\/page\/2\/\" class=\"number\">2<\/a>  <a href=\"https:\/\/colegioconcepciontalca.cl\/index.php\/wp-json\/wp\/v2\/pages\/11451\/page\/3\/\" class=\"number\">3<\/a>  <a href=\"https:\/\/colegioconcepciontalca.cl\/index.php\/wp-json\/wp\/v2\/pages\/11451\/page\/4\/\" class=\"number\">4<\/a> <a href=\"https:\/\/colegioconcepciontalca.cl\/index.php\/wp-json\/wp\/v2\/pages\/11451\/page\/2\/\"  class=\"number nextp\">&rsaquo;<\/a><a href=\"https:\/\/colegioconcepciontalca.cl\/index.php\/wp-json\/wp\/v2\/pages\/11451\/page\/67\/\" title=\"&raquo;\" class=\"number lastp\">&raquo;<\/a><\/div>        <\/div>\n<!-- \/module post -->\n\t        <\/div>\n\t    \t<\/div>\n\t\t    <\/div>\n\t    <!-- \/row_inner -->\n\t<\/div>\n\t<!-- \/module_row -->\n\t<\/div>\n<!--\/themify_builder_content-->","protected":false},"excerpt":{"rendered":"<p><!-- AddThis Advanced Settings generic via filter on get_the_excerpt --><!-- AddThis Share Buttons generic via filter on get_the_excerpt --><\/p>\n","protected":false},"author":1,"featured_media":0,"parent":0,"menu_order":0,"comment_status":"closed","ping_status":"closed","template":"","meta":{"footnotes":""},"class_list":["post-11451","page","type-page","status-publish","hentry","has-post-title","has-post-date","has-post-category","has-post-tag","has-post-comment","has-post-author",""],"builder_content":"","_links":{"self":[{"href":"https:\/\/colegioconcepciontalca.cl\/index.php\/wp-json\/wp\/v2\/pages\/11451","targetHints":{"allow":["GET"]}}],"collection":[{"href":"https:\/\/colegioconcepciontalca.cl\/index.php\/wp-json\/wp\/v2\/pages"}],"about":[{"href":"https:\/\/colegioconcepciontalca.cl\/index.php\/wp-json\/wp\/v2\/types\/page"}],"author":[{"embeddable":true,"href":"https:\/\/colegioconcepciontalca.cl\/index.php\/wp-json\/wp\/v2\/users\/1"}],"replies":[{"embeddable":true,"href":"https:\/\/colegioconcepciontalca.cl\/index.php\/wp-json\/wp\/v2\/comments?post=11451"}],"version-history":[{"count":23,"href":"https:\/\/colegioconcepciontalca.cl\/index.php\/wp-json\/wp\/v2\/pages\/11451\/revisions"}],"predecessor-version":[{"id":12706,"href":"https:\/\/colegioconcepciontalca.cl\/index.php\/wp-json\/wp\/v2\/pages\/11451\/revisions\/12706"}],"wp:attachment":[{"href":"https:\/\/colegioconcepciontalca.cl\/index.php\/wp-json\/wp\/v2\/media?parent=11451"}],"curies":[{"name":"wp","href":"https:\/\/api.w.org\/{rel}","templated":true}]}}